
{"id":14345,"date":"2023-09-15T17:45:58","date_gmt":"2023-09-15T09:45:58","guid":{"rendered":"https:\/\/www.rebehair.com\/?page_id=14345"},"modified":"2023-09-26T16:15:33","modified_gmt":"2023-09-26T08:15:33","slug":"hand-tied-hair-extensions","status":"publish","type":"page","link":"https:\/\/www.rebehair.com\/fr\/hand-tied-hair-extensions\/","title":{"rendered":"Extensions de cheveux attach\u00e9es \u00e0 la main"},"content":{"rendered":"<p><video style=\"width:100%\" controls autoplay=\"true\" muted=\"true\"><source src=\"https:\/\/www.rebehair.com\/wp-content\/uploads\/2023\/09\/HAND-TIED-HAIR-EXTENSIONS-VIDEO-REBE-HAIR-FACTORY.mp4\" type=\"video\/mp4\" \/><\/video><\/p>\n<h1 style=\"text-align: center;\">Extensions de cheveux attach\u00e9es \u00e0 la main<\/h1>\n<p>Les extensions de cheveux nou\u00e9es \u00e0 la main, \u00e9galement connues sous le nom de trames nou\u00e9es \u00e0 la main, sont un type de m\u00e9thode d&#039;extension de cheveux dans laquelle des m\u00e8ches de cheveux individuelles sont soigneusement attach\u00e9es \u00e0 la main sur une fine trame ou une piste. Les trames d&#039;extensions nou\u00e9es \u00e0 la main sont plus fines et plus l\u00e9g\u00e8res que les autres types d&#039;extensions, elles ne tirent donc pas autant sur la racine de vos cheveux qu&#039;une autre m\u00e9thode d&#039;extension.\u00a0<\/p>\n<p>Les principales diff\u00e9rences entre les trames de cheveux nou\u00e9es \u00e0 la main et les trames de cheveux r\u00e9sident dans la m\u00e9thode de construction :<\/p>\n<ul>\n<li>Trames nou\u00e9es \u00e0 la main : Les trames nou\u00e9es \u00e0 la main sont cr\u00e9\u00e9es en attachant manuellement des m\u00e8ches de cheveux individuelles sur une trame fine \u00e0 l&#039;aide d&#039;un fil solide. Ce processus m\u00e9ticuleux permet d\u2019obtenir un look plus naturel et homog\u00e8ne.<\/li>\n<li>Trames de cheveux : Les trames de cheveux sont fabriqu\u00e9es par une machine qui coud les m\u00e8ches de cheveux ensemble sur une trame solide et plus \u00e9paisse. Ce processus est plus rapide et plus automatis\u00e9 que les trames nou\u00e9es \u00e0 la main.<\/li>\n<\/ul>\n\n\t\t<div class=\"tabbed-content\">\n\t\t\t\n\t\t\t<ul class=\"nav nav-tabs nav-normal nav-size-large nav-left\"><li class=\"tab active has-icon\"><a href=\"#tab_advantages-of-hand-tied-wefts\"><span>Avantages des trames nou\u00e9es \u00e0 la main<\/span><\/a><\/li>\n<li class=\"tab has-icon\"><a href=\"#tab_disadvantages-of-hand-tied-wefts\"><span>Inconv\u00e9nients des trames nou\u00e9es \u00e0 la main<\/span><\/a><\/li><\/ul><div class=\"tab-panels\"><div class=\"panel active entry-content\" id=\"tab_advantages-of-hand-tied-wefts\">\n<ol>\n<li>\n<p>Aspect naturel et homog\u00e8ne : les extensions de cheveux nou\u00e9es \u00e0 la main sont connues pour leur capacit\u00e9 \u00e0 cr\u00e9er un aspect naturel et homog\u00e8ne. Les m\u00e8ches de cheveux individuelles sont attach\u00e9es \u00e0 la trame, imitant la fa\u00e7on dont les cheveux poussent \u00e0 partir du cuir chevelu. Cette construction minutieuse permet de mieux se fondre avec les cheveux naturels, rendant les extensions pratiquement ind\u00e9tectables.<\/p>\n<\/li>\n<li>\n<p>L\u00e9g\u00e8res et confortables : les trames nou\u00e9es \u00e0 la main sont g\u00e9n\u00e9ralement plus fines et plus l\u00e9g\u00e8res que les autres types d&#039;extensions. La construction fine et la flexibilit\u00e9 de la trame les rendent plus confortables \u00e0 porter et moins susceptibles de provoquer des tensions ou des inconforts sur le cuir chevelu. La nature l\u00e9g\u00e8re des extensions nou\u00e9es \u00e0 la main r\u00e9duit \u00e9galement le risque d\u2019endommagement des cheveux ou de tension sur les cheveux naturels.<\/p>\n<\/li>\n<li>\n<p>Options de coiffure polyvalentes : les extensions de cheveux nou\u00e9es \u00e0 la main peuvent \u00eatre coiff\u00e9es de diff\u00e9rentes mani\u00e8res, tout comme les cheveux naturels. Ils peuvent \u00eatre boucl\u00e9s, liss\u00e9s ou coiff\u00e9s \u00e0 l&#039;aide d&#039;outils chauffants, ce qui permet une polyvalence dans la cr\u00e9ation de diff\u00e9rentes coiffures. Les extensions s&#039;int\u00e8grent parfaitement aux cheveux naturels, offrant plus d&#039;options de coiffage et d&#039;obtention des looks souhait\u00e9s.<\/p>\n<\/li>\n<\/ol>\n<\/div>\n<div class=\"panel entry-content\" id=\"tab_disadvantages-of-hand-tied-wefts\">\n<ol>\n<li>\n<p>Installation fastidieuse : les trames nou\u00e9es \u00e0 la main n\u00e9cessitent un processus d&#039;installation plus long que les autres m\u00e9thodes. Les brins individuels doivent \u00eatre soigneusement attach\u00e9s \u00e0 la trame, ce qui peut prendre beaucoup de temps pour le styliste.<\/p>\n<\/li>\n<li>\n<p>Co\u00fbt plus \u00e9lev\u00e9 : les trames nou\u00e9es \u00e0 la main ont tendance \u00e0 \u00eatre plus ch\u00e8res que les autres types de trames. Le processus complexe et laborieux consistant \u00e0 attacher les m\u00e8ches de cheveux individuellement contribue au co\u00fbt plus \u00e9lev\u00e9 des extensions nou\u00e9es \u00e0 la main.<\/p>\n<\/li>\n<\/ol>\n<\/div><\/div><\/div>\n<h2>Information produit<\/h2>\n\t<div class=\"img has-hover x md-x lg-x y md-y lg-y\" id=\"image_1892707838\">\n\t\t\t\t\t\t\t\t<div class=\"img-inner dark\" >\n\t\t\t<img width=\"1020\" height=\"510\" src=\"https:\/\/www.rebehair.com\/wp-content\/uploads\/2023\/09\/HAND-TIED-HAIR-EXTENSIONS.jpg\" class=\"attachment-large size-large\" alt=\"\" decoding=\"async\" loading=\"lazy\" srcset=\"https:\/\/www.rebehair.com\/wp-content\/uploads\/2023\/09\/HAND-TIED-HAIR-EXTENSIONS.jpg 1200w, https:\/\/www.rebehair.com\/wp-content\/uploads\/2023\/09\/HAND-TIED-HAIR-EXTENSIONS-800x400.jpg 800w, https:\/\/www.rebehair.com\/wp-content\/uploads\/2023\/09\/HAND-TIED-HAIR-EXTENSIONS-768x384.jpg 768w, https:\/\/www.rebehair.com\/wp-content\/uploads\/2023\/09\/HAND-TIED-HAIR-EXTENSIONS-125x63.jpg 125w, https:\/\/www.rebehair.com\/wp-content\/uploads\/2023\/09\/HAND-TIED-HAIR-EXTENSIONS-75x38.jpg 75w, https:\/\/www.rebehair.com\/wp-content\/uploads\/2023\/09\/HAND-TIED-HAIR-EXTENSIONS-18x9.jpg 18w, https:\/\/www.rebehair.com\/wp-content\/uploads\/2023\/09\/HAND-TIED-HAIR-EXTENSIONS-600x300.jpg 600w\" sizes=\"(max-width: 1020px) 100vw, 1020px\" \/>\t\t\t\t\t\t\n\t\t\t\t\t<\/div>\n\t\t\t\t\t\t\t\t\n<style scope=\"scope\">\n\n#image_1892707838 {\n  width: 100%;\n}\n<\/style>\n\t<\/div>\n\t\n<table>\n<tbody>\n<tr>\n<td width=\"116\">\n<p style=\"text-align: center;\"><span style=\"font-size: 105%;\">Type de cheveux:<\/span><\/p>\n<\/td>\n<td width=\"451\">\n<p><span style=\"font-size: 105%;\">Extensions de cheveux attach\u00e9es \u00e0 la main<\/span><\/p>\n<\/td>\n<\/tr>\n<tr>\n<td width=\"116\">\n<p style=\"text-align: center;\"><span style=\"font-size: 105%;\">Mat\u00e9riau des cheveux\u00a0:<\/span><\/p>\n<\/td>\n<td width=\"451\">\n<p><span style=\"font-size: 105%;\">100% Cheveux Remy \/ Vierges Humains<\/span><\/p>\n<\/td>\n<\/tr>\n<tr>\n<td width=\"116\">\n<p style=\"text-align: center;\"><span style=\"font-size: 105%;\">Longueur des cheveux:<\/span><\/p>\n<\/td>\n<td width=\"451\">\n<p><span style=\"font-size: 105%;\">12\u2033-30\u2033, 32\u2033-40\u2033 Disponible pour les cheveux Remy<\/span><\/p>\n<\/td>\n<\/tr>\n<tr>\n<td width=\"116\">\n<p style=\"text-align: center;\"><span style=\"font-size: 105%;\">Couleur de cheveux:<\/span><\/p>\n<\/td>\n<td width=\"451\">\n<p><span style=\"font-size: 105%;\">Toutes les couleurs peuvent \u00eatre personnalis\u00e9es, Balayage Highlight Ombre, etc.<\/span><\/p>\n<\/td>\n<\/tr>\n<tr>\n<td width=\"116\">\n<p style=\"text-align: center;\"><span style=\"font-size: 105%;\">Texture des cheveux:<\/span><\/p>\n<\/td>\n<td width=\"451\">\n<p><span style=\"font-size: 105%;\">Droit, ondul\u00e9, boucl\u00e9, enroul\u00e9, kinky Yaki droit, etc.<\/span><\/p>\n<\/td>\n<\/tr>\n<tr>\n<td width=\"116\">\n<p style=\"text-align: center;\"><span style=\"font-size: 105%;\">\u00c9paisseur des cheveux\u00a0:<\/span><\/p>\n<\/td>\n<td width=\"451\">\n<p><span style=\"font-size: 105%;\">Tirage simple et tirage double<\/span><\/p>\n<\/td>\n<\/tr>\n<tr>\n<td width=\"116\">\n<p style=\"text-align: center;\"><span style=\"font-size: 105%;\">Dur\u00e9e de vie des cheveux\u00a0:<\/span><\/p>\n<\/td>\n<td width=\"451\">\n<p><span style=\"font-size: 105%;\">Cheveux Remy : 3-6 mois, cheveux vierges : un an avec des soins appropri\u00e9s<\/span><\/p>\n<\/td>\n<\/tr>\n<tr>\n<td width=\"116\">\n<p style=\"text-align: center;\"><span style=\"font-size: 105%;\">Peut \u00eatre teint\u00a0:<\/span><\/p>\n<\/td>\n<td width=\"451\">\n<p><span style=\"font-size: 105%;\">Oui, tous les cheveux peuvent \u00eatre teints. Les cheveux vierges peuvent \u00eatre d\u00e9color\u00e9s.<\/span><\/p>\n<\/td>\n<\/tr>\n<tr>\n<td width=\"116\">\n<p style=\"text-align: center;\"><span style=\"font-size: 105%;\">Peut \u00eatre coiff\u00e9\u00a0:<\/span><\/p>\n<\/td>\n<td width=\"451\">\n<p><span style=\"font-size: 105%;\">Oui, les extensions de cheveux Rebe peuvent \u00eatre coiff\u00e9es comme vos propres cheveux, puisque tous les cheveux sont des cheveux humains 100%.<\/span><\/p>\n<\/td>\n<\/tr>\n<\/tbody>\n<\/table>\n\t<div class=\"img has-hover x md-x lg-x y md-y lg-y\" id=\"image_1189858172\">\n\t\t\t\t\t\t\t\t<div class=\"img-inner dark\" >\n\t\t\t<img width=\"1020\" height=\"510\" src=\"https:\/\/www.rebehair.com\/wp-content\/uploads\/2023\/09\/high-quality-hand-tied-hair-extensions.jpg\" class=\"attachment-large size-large\" alt=\"\" decoding=\"async\" loading=\"lazy\" srcset=\"https:\/\/www.rebehair.com\/wp-content\/uploads\/2023\/09\/high-quality-hand-tied-hair-extensions.jpg 1200w, https:\/\/www.rebehair.com\/wp-content\/uploads\/2023\/09\/high-quality-hand-tied-hair-extensions-800x400.jpg 800w, https:\/\/www.rebehair.com\/wp-content\/uploads\/2023\/09\/high-quality-hand-tied-hair-extensions-768x384.jpg 768w, https:\/\/www.rebehair.com\/wp-content\/uploads\/2023\/09\/high-quality-hand-tied-hair-extensions-125x63.jpg 125w, https:\/\/www.rebehair.com\/wp-content\/uploads\/2023\/09\/high-quality-hand-tied-hair-extensions-75x38.jpg 75w, https:\/\/www.rebehair.com\/wp-content\/uploads\/2023\/09\/high-quality-hand-tied-hair-extensions-18x9.jpg 18w, https:\/\/www.rebehair.com\/wp-content\/uploads\/2023\/09\/high-quality-hand-tied-hair-extensions-600x300.jpg 600w\" sizes=\"(max-width: 1020px) 100vw, 1020px\" \/>\t\t\t\t\t\t\n\t\t\t\t\t<\/div>\n\t\t\t\t\t\t\t\t\n<style scope=\"scope\">\n\n#image_1189858172 {\n  width: 100%;\n}\n<\/style>\n\t<\/div>\n\t\n<h2>Enqu\u00eatte sur la vente en gros<\/h2>\n\n<div class=\"wpcf7 no-js\" id=\"wpcf7-f8878-o1\" lang=\"en-US\" dir=\"ltr\">\n<div class=\"screen-reader-response\"><p role=\"status\" aria-live=\"polite\" aria-atomic=\"true\"><\/p> <ul><\/ul><\/div>\n<form action=\"\/fr\/wp-json\/wp\/v2\/pages\/14345#wpcf7-f8878-o1\" method=\"post\" class=\"wpcf7-form init\" aria-label=\"Contact form\" novalidate=\"novalidate\" data-status=\"init\" data-trp-original-action=\"\/fr\/wp-json\/wp\/v2\/pages\/14345#wpcf7-f8878-o1\">\n<div style=\"display: none;\">\n<input type=\"hidden\" name=\"_wpcf7\" value=\"8878\" \/>\n<input type=\"hidden\" name=\"_wpcf7_version\" value=\"5.7.7\" \/>\n<input type=\"hidden\" name=\"_wpcf7_locale\" value=\"en_US\" \/>\n<input type=\"hidden\" name=\"_wpcf7_unit_tag\" value=\"wpcf7-f8878-o1\" \/>\n<input type=\"hidden\" name=\"_wpcf7_container_post\" value=\"0\" \/>\n<input type=\"hidden\" name=\"_wpcf7_posted_data_hash\" value=\"\" \/>\n<\/div>\n<p><label>Votre Nom (requis)<\/label><br \/>\n<span class=\"wpcf7-form-control-wrap\" data-name=\"your-name\"><input size=\"40\" class=\"wpcf7-form-control wpcf7-text wpcf7-validates-as-required\" aria-required=\"true\" aria-invalid=\"false\" value=\"\" type=\"text\" name=\"your-name\" \/><\/span>\n<\/p>\n<p><label>Votre Email (requis)<\/label><br \/>\n<span class=\"wpcf7-form-control-wrap\" data-name=\"your-email\"><input size=\"40\" class=\"wpcf7-form-control wpcf7-text wpcf7-email wpcf7-validates-as-required wpcf7-validates-as-email\" aria-required=\"true\" aria-invalid=\"false\" value=\"\" type=\"email\" name=\"your-email\" \/><\/span>\n<\/p>\n<p><label>Votre message (obligatoire)<\/label><br \/>\n<span class=\"wpcf7-form-control-wrap\" data-name=\"your-message\"><textarea cols=\"40\" rows=\"10\" class=\"wpcf7-form-control wpcf7-textarea\" aria-invalid=\"false\" name=\"your-message\"><\/textarea><\/span>\n<\/p>\n<p><input class=\"wpcf7-form-control has-spinner wpcf7-submit button\" type=\"submit\" value=\"Soumettre\" \/>\n<\/p><p style=\"display: none !important;\"><label>&#916;<textarea name=\"_wpcf7_ak_hp_textarea\" cols=\"45\" rows=\"8\" maxlength=\"100\"><\/textarea><\/label><input type=\"hidden\" id=\"ak_js_1\" name=\"_wpcf7_ak_js\" value=\"1\"\/><script>document.getElementById( \"ak_js_1\" ).setAttribute( \"value\", ( new Date() ).getTime() );<\/script><\/p><div class=\"wpcf7-response-output\" aria-hidden=\"true\"><\/div>\n<input type=\"hidden\" name=\"trp-form-language\" value=\"fr\"\/><\/form>\n<\/div>\n\n<h2>FAQ<\/h2>\n<div class=\"accordion\" rel=\"\">\n<div class=\"accordion-item\"><a href=\"#\" class=\"accordion-title plain\"><button class=\"toggle\"><i class=\"icon-angle-down\"><\/i><\/button><span>Quelle est la diff\u00e9rence entre les cheveux non-remy, les cheveux remy et les cheveux vierges ?<\/span><\/a><div class=\"accordion-inner\">\n<p>Cheveux non-remy\u00a0:<br \/>Les cheveux non-Remy font r\u00e9f\u00e9rence aux cheveux collect\u00e9s aupr\u00e8s de diverses sources et dont les cuticules ne sont pas align\u00e9es dans une direction. Les cuticules constituent la couche protectrice externe de la tige capillaire. Dans les cheveux non Remy, les cuticules peuvent \u00eatre orient\u00e9es dans des directions diff\u00e9rentes, ce qui entra\u00eene un risque plus \u00e9lev\u00e9 d&#039;emm\u00ealement et de n\u0153uds. Pour rendre les cheveux non Remy utilisables, ils subissent souvent un processus appel\u00e9 bain d&#039;acide ou rev\u00eatement de silicone pour \u00e9liminer ou masquer les dommages caus\u00e9s aux cuticules. Les cheveux non-Remy sont g\u00e9n\u00e9ralement moins chers que les cheveux Remy ou vierges.<\/p>\n<p>Cheveux R\u00e9my\u00a0:<br \/>Les cheveux Remy sont consid\u00e9r\u00e9s comme de meilleure qualit\u00e9 que les cheveux non Remy. Il est collect\u00e9 de mani\u00e8re \u00e0 pr\u00e9server l\u2019alignement des cuticules capillaires. Les cuticules restent intactes et sont toutes orient\u00e9es dans la m\u00eame direction, g\u00e9n\u00e9ralement de la racine \u00e0 la pointe. Cet alignement r\u00e9duit les enchev\u00eatrements et assure un aspect plus lisse et plus naturel. Les cheveux Remy peuvent provenir de divers donneurs, mais la caract\u00e9ristique cl\u00e9 est la pr\u00e9servation de l\u2019alignement des cuticules. Il est couramment utilis\u00e9 dans les extensions de cheveux et les perruques de haute qualit\u00e9.<\/p>\n<p>Cheveux vierges\u00a0:<br \/>Les cheveux vierges font r\u00e9f\u00e9rence \u00e0 des cheveux totalement non trait\u00e9s et non touch\u00e9s par des produits chimiques, des teintures ou des traitements. Il est collect\u00e9 aupr\u00e8s d\u2019un seul donneur et conserve sa couleur et sa texture naturelles. Les cheveux vierges sont tr\u00e8s appr\u00e9ci\u00e9s car ils sont consid\u00e9r\u00e9s comme la forme la plus pure de cheveux humains. Les cuticules sont intactes et align\u00e9es, offrant un aspect doux, lisse et naturel. Les cheveux vierges peuvent \u00eatre coiff\u00e9s, teints et trait\u00e9s comme des cheveux naturels. C\u2019est souvent le type de cheveux le plus cher en raison de sa qualit\u00e9 sup\u00e9rieure.<\/p>\n<p>En r\u00e9sum\u00e9, les principales diff\u00e9rences entre les cheveux non-Remy, Remy et vierges r\u00e9sident dans l&#039;alignement des cuticules et le niveau de traitement. Les cheveux non-Remy ont des cuticules orient\u00e9es dans des directions diff\u00e9rentes et n\u00e9cessitent un traitement suppl\u00e9mentaire, tandis que les cheveux Remy ont des cuticules intactes align\u00e9es dans une direction. Les cheveux vierges sont non transform\u00e9s et enti\u00e8rement naturels, ce qui en fait l\u2019option la plus haute qualit\u00e9 et la plus ch\u00e8re.<\/p>\n<\/div><\/div>\n<div class=\"accordion-item\"><a href=\"#\" class=\"accordion-title plain\"><button class=\"toggle\"><i class=\"icon-angle-down\"><\/i><\/button><span>Quelle est la quantit\u00e9 minimum de commande pour une commande en gros\u00a0?<\/span><\/a><div class=\"accordion-inner\">\n<p>La quantit\u00e9 minimale de commande (MOQ) pour les extensions de cheveux halo en gros est de 1 kg. Ne vous inqui\u00e9tez pas de la qualit\u00e9 des cheveux, nous acceptons les commandes d&#039;\u00e9chantillons pour tester la qualit\u00e9. Bienvenue pour passer des commandes d&#039;\u00e9chantillons.<\/p>\n<\/div><\/div>\n<div class=\"accordion-item\"><a href=\"#\" class=\"accordion-title plain\"><button class=\"toggle\"><i class=\"icon-angle-down\"><\/i><\/button><span>Y a-t-il une r\u00e9duction pour les commandes group\u00e9es ou en gros\u00a0?<\/span><\/a><div class=\"accordion-inner\">\n<p>Notre prix de gros actuel est d\u00e9j\u00e0 au tarif le plus bas. Cependant, si vous passez une commande en grande quantit\u00e9, n&#039;h\u00e9sitez pas \u00e0 nous contacter par e-mail. <a href=\"mailto:manager@rebehair.com\">manager@rebehair.com<\/a> pour vous renseigner sur les r\u00e9ductions potentielles.\u00a0<\/p>\n<\/div><\/div>\n<div class=\"accordion-item\"><a href=\"#\" class=\"accordion-title plain\"><button class=\"toggle\"><i class=\"icon-angle-down\"><\/i><\/button><span>Puis-je personnaliser les commandes de trames de cheveux nou\u00e9es \u00e0 la main ?<\/span><\/a><div class=\"accordion-inner\">\n<p>Oui, nous proposons une commande de personnalisation pour les trames nou\u00e9es \u00e0 la main. Vous pouvez sp\u00e9cifier votre demande de couleurs, longueurs, textures et \u00e9paisseurs, etc., nous sommes en mesure de personnaliser les commandes en fonction de vos besoins sp\u00e9cifiques. S&#039;il vous pla\u00eet envoyez-nous simplement un e-mail <a href=\"mailto:manager@rebehair.com\">manager@rebehair<\/a> ou que nous appelle-t-on <a href=\"https:\/\/api.whatsapp.com\/send?phone=8617615525010\">+86 17615525010<\/a> pour fournir les d\u00e9tails de vos besoins de personnalisation, et nous r\u00e9pondrons \u00e0 votre demande.<\/p>\n<\/div><\/div>\n<div class=\"accordion-item\"><a href=\"#\" class=\"accordion-title plain\"><button class=\"toggle\"><i class=\"icon-angle-down\"><\/i><\/button><span>Des \u00e9chantillons sont-ils disponibles avant de passer des commandes en gros\u00a0?<\/span><\/a><div class=\"accordion-inner\">\n<p>Oui, nous proposons des \u00e9chantillons aux clients grossistes. Avant de passer une commande en gros, vous pouvez passer une commande d&#039;\u00e9chantillon pour tester la qualit\u00e9 des cheveux et choisir celui que vous pr\u00e9f\u00e9rez. L&#039;\u00e9chantillonnage vous permet d&#039;\u00e9valuer la qualit\u00e9, la texture, la pr\u00e9cision des couleurs et l&#039;ad\u00e9quation globale de nos produits \u00e0 votre entreprise. Veuillez nous contacter pour vous renseigner sur un exemple de commande et nous vous fournirons des instructions suppl\u00e9mentaires sur la fa\u00e7on de proc\u00e9der.<\/p>\n<\/div><\/div>\n<div class=\"accordion-item\"><a href=\"#\" class=\"accordion-title plain\"><button class=\"toggle\"><i class=\"icon-angle-down\"><\/i><\/button><span>Quel est le d\u00e9lai de livraison pour les commandes en gros ?<\/span><\/a><div class=\"accordion-inner\">\n<p>Les d\u00e9lais de livraison pour les commandes en gros peuvent varier en fonction des diff\u00e9rentes demandes dont vous avez besoin. Lorsque vous passerez la commande, notre responsable commercial vous indiquera un d\u00e9lai de livraison approximatif. Habituellement, nous pouvons terminer les cheveux attach\u00e9s \u00e0 la main en 4 \u00e0 6 semaines, c&#039;est un peu plus long que les autres extensions de cheveux en raison de la technique faite \u00e0 la main.<\/p>\n<\/div><\/div>\n<div class=\"accordion-item\"><a href=\"#\" class=\"accordion-title plain\"><button class=\"toggle\"><i class=\"icon-angle-down\"><\/i><\/button><span>Quelles sont les modalit\u00e9s de paiement ?<\/span><\/a><div class=\"accordion-inner\">\n<p>Nous proposons diff\u00e9rentes options de paiement pour r\u00e9pondre \u00e0 votre convenance. Ceux-ci incluent les virements bancaires, PayPal, Western Union, MoneyGram. Vous pouvez choisir le mode de paiement qui vous convient le mieux et qui vous convient le mieux. Veuillez nous contacter et nous vous fournirons des informations d\u00e9taill\u00e9es sur le paiement et des conseils.<\/p>\n<\/div><\/div>\n<div class=\"accordion-item\"><a href=\"#\" class=\"accordion-title plain\"><button class=\"toggle\"><i class=\"icon-angle-down\"><\/i><\/button><span>Combien de temps durent les extensions de cheveux nou\u00e9es \u00e0 la main ?<\/span><\/a><div class=\"accordion-inner\">\n<p>La long\u00e9vit\u00e9 des extensions de cheveux nou\u00e9es \u00e0 la main d\u00e9pend de divers facteurs, notamment de leur entretien et de la qualit\u00e9 des extensions. G\u00e9n\u00e9ralement, nos cheveux vierges Halo peuvent durer plus d&#039;un an, les extensions Remy Halo peuvent durer 3 \u00e0 6 mois avec un entretien et des soins appropri\u00e9s.<\/p>\n<\/div><\/div>\n<div class=\"accordion-item\"><a href=\"#\" class=\"accordion-title plain\"><button class=\"toggle\"><i class=\"icon-angle-down\"><\/i><\/button><span>Comment sont install\u00e9es les extensions de cheveux nou\u00e9es \u00e0 la main ?<\/span><\/a><div class=\"accordion-inner\">\n<p>Pour installer des trames nou\u00e9es \u00e0 la main\u00a0:<\/p>\n<ol>\n<li>S\u00e9parez les cheveux horizontalement et cr\u00e9ez de petites tresses en utilisant vos cheveux naturels.<\/li>\n<li>Mesurez la trame nou\u00e9e \u00e0 la main contre la tresse et cousez-la sur la tresse \u00e0 l&#039;aide d&#039;une aiguille courb\u00e9e et d&#039;un fil solide.<\/li>\n<li>Progressez vers le haut de la t\u00eate, en ajoutant plus de trames \u00e0 chaque s\u00e9paration sectionn\u00e9e.<\/li>\n<li>M\u00e9langez vos cheveux naturels avec les extensions \u00e0 l&#039;aide d&#039;un peigne ou des doigts.<\/li>\n<li>Coiffez les cheveux comme vous le souhaitez, en vous assurant que les trames sont bien en place.<\/li>\n<\/ol>\n<p>Pour de meilleurs r\u00e9sultats et pour garantir une installation correcte, consultez un styliste professionnel exp\u00e9riment\u00e9 dans les installations de trames nou\u00e9es \u00e0 la main.<\/p>\n<\/div><\/div>\n<div class=\"accordion-item\"><a href=\"#\" class=\"accordion-title plain\"><button class=\"toggle\"><i class=\"icon-angle-down\"><\/i><\/button><span>Puis-je nager ou faire de l&#039;exercice avec des extensions de cheveux nou\u00e9es \u00e0 la main ?<\/span><\/a><div class=\"accordion-inner\">\n<p>Oui, vous pouvez nager et faire de l&#039;exercice avec des extensions de cheveux attach\u00e9es \u00e0 la main, mais il est important de prendre des pr\u00e9cautions. Avant de nager, il est conseill\u00e9 d&#039;attacher vos cheveux ou de porter un bonnet de bain pour \u00e9viter les emm\u00ealements. Apr\u00e8s avoir nag\u00e9 ou fait de l&#039;exercice, rincez soigneusement vos cheveux et d\u00e9m\u00ealez-les d\u00e9licatement pour pr\u00e9server l&#039;int\u00e9grit\u00e9 des extensions.<\/p>\n<\/div><\/div>\n<div class=\"accordion-item\"><a href=\"#\" class=\"accordion-title plain\"><button class=\"toggle\"><i class=\"icon-angle-down\"><\/i><\/button><span>Les extensions de cheveux nou\u00e9es \u00e0 la main conviennent-elles \u00e0 tous les types de cheveux ?<\/span><\/a><div class=\"accordion-inner\">\n<p>Les trames de cheveux nou\u00e9es \u00e0 la main peuvent convenir \u00e0 diff\u00e9rents types de cheveux, notamment les cheveux raides, ondul\u00e9s et boucl\u00e9s. Ils offrent une polyvalence en termes de m\u00e9lange et de style. Cependant, il est pr\u00e9f\u00e9rable de consulter un styliste professionnel qui pourra \u00e9valuer vos cheveux et d\u00e9terminer si les extensions nou\u00e9es \u00e0 la main vous conviennent.<\/p>\n<\/div><\/div>\n<\/div>\n\n  <div class=\"banner has-hover\" id=\"banner-1775943771\">\n          <div class=\"banner-inner fill\">\n        <div class=\"banner-bg fill\" >\n            <div class=\"bg fill bg-fill\"><\/div>\n                        <div class=\"overlay\"><\/div>            \n                    <\/div><!-- bg-layers -->\n        <div class=\"banner-layers container\">\n            <div class=\"fill banner-link\"><\/div>            \n   <div id=\"text-box-1293389563\" class=\"text-box banner-layer x5 md-x5 lg-x5 y50 md-y50 lg-y50 res-text\">\n                                <div class=\"text\">\n              \n              <div class=\"text-inner text-left\">\n                  \n<h2 class=\"uppercase\"><span style=\"color: #000000;\"><strong>Pourquoi nous choisir<\/strong><\/span><\/h2>\n<ul>\n<li data-zone-id=\"0\" data-line-index=\"0\" data-line=\"true\">\n<p><span style=\"color: #000000;\"><strong>Avantage de co\u00fbt-prix d&#039;usine, cheveux humains de haute qualit\u00e9<\/strong><\/span><\/p>\n<\/li>\n<li data-zone-id=\"0\" data-line-index=\"1\" data-line=\"true\">\n<p><span style=\"color: #000000;\"><strong>Type de cheveux large, stocks de grande quantit\u00e9, options de personnalisation<\/strong><\/span><\/p>\n<\/li>\n<li data-zone-id=\"0\" data-line-index=\"2\" data-line=\"true\">\n<p><span style=\"color: #000000;\"><strong>Meilleur service client, conception d&#039;emballages, livraison directe\u00a0<\/strong><\/span><\/p>\n<\/li>\n<\/ul>\n<a class=\"button primary\"  style=\"border-radius:13px;\">\n    <span>ACHETER DES \u00c9CHANTILLONS DE CHEVEUX<\/span>\n  <\/a>\n\n              <\/div>\n           <\/div><!-- text-box-inner -->\n                            \n<style scope=\"scope\">\n\n#text-box-1293389563 {\n  width: 60%;\n}\n#text-box-1293389563 .text {\n  font-size: 100%;\n}\n\n\n@media (min-width:550px) {\n\n  #text-box-1293389563 {\n    width: 45%;\n  }\n\n}\n<\/style>\n    <\/div><!-- text-box -->\n \n        <\/div><!-- .banner-layers -->\n      <\/div><!-- .banner-inner -->\n\n            \n<style scope=\"scope\">\n\n#banner-1775943771 {\n  padding-top: 500px;\n  background-color: rgb(255, 255, 255);\n}\n#banner-1775943771 .bg.bg-loaded {\n  background-image: url(https:\/\/www.rebehair.com\/wp-content\/uploads\/2023\/09\/why-choose-rebe-hair-1067x800.jpg);\n}\n#banner-1775943771 .overlay {\n  background-color: rgba(190, 190, 190, 0.2);\n}\n<\/style>\n  <\/div><!-- .banner -->\n\n\n<div class=\"is-divider divider clearfix\" style=\"max-width:0px;height:0px;\"><\/div><!-- .divider -->\n<div class=\"row row-collapse row-divided\" style=\"max-width:\" id=\"row-161530601\">\n<div class=\"col medium-6 small-12 large-6\"  ><div class=\"col-inner text-center\"  >\n<h1>Contactez-nous<\/h1>\n<p>Si vous avez des questions ou une demande concernant le secteur de la coiffure, n&#039;h\u00e9sitez pas \u00e0 nous contacter par e-mail \u00e0 Manager@rebehair.com. Ou envoyez-nous un message WhatsApp. Notre \u00e9quipe de service client vous r\u00e9pondra dans les 24 heures.<\/p>\n<a rel=\"noopener noreferrer\" href=\"mailto:manager@rebehair.com\" target=\"_blank\" class=\"button secondary is-shade is-larger box-shadow-4 box-shadow-4-hover\"  style=\"border-radius:20px;\">\n  <i class=\"icon-envelop\" ><\/i>  <span>ENVOYEZ-NOUS UN EMAIL MAINTENANT<\/span>\n  <\/a>\n\n<\/div><\/div>\n<div class=\"col medium-6 small-12 large-6\"  ><div class=\"col-inner text-center\"  >\n\t<div class=\"img has-hover x md-x lg-x y md-y lg-y\" id=\"image_1449671641\">\n\t\t\t\t\t\t\t\t<div class=\"img-inner dark\" >\n\t\t\t<img width=\"270\" height=\"272\" src=\"https:\/\/www.rebehair.com\/wp-content\/uploads\/2023\/09\/whatsapp.png\" class=\"attachment-large size-large\" alt=\"\" decoding=\"async\" loading=\"lazy\" srcset=\"https:\/\/www.rebehair.com\/wp-content\/uploads\/2023\/09\/whatsapp.png 270w, https:\/\/www.rebehair.com\/wp-content\/uploads\/2023\/09\/whatsapp-125x125.png 125w, https:\/\/www.rebehair.com\/wp-content\/uploads\/2023\/09\/whatsapp-75x75.png 75w, https:\/\/www.rebehair.com\/wp-content\/uploads\/2023\/09\/whatsapp-12x12.png 12w, https:\/\/www.rebehair.com\/wp-content\/uploads\/2023\/09\/whatsapp-100x100.png 100w\" sizes=\"(max-width: 270px) 100vw, 270px\" \/>\t\t\t\t\t\t\n\t\t\t\t\t<\/div>\n\t\t\t\t\t\t\t\t\n<style scope=\"scope\">\n\n#image_1449671641 {\n  width: 26%;\n}\n<\/style>\n\t<\/div>\n\t\n<a rel=\"noopener noreferrer\" href=\"https:\/\/api.whatsapp.com\/send?phone=8617615525010\" target=\"_blank\" class=\"button success is-shade is-larger box-shadow-4 box-shadow-4-hover\"  style=\"border-radius:20px;\">\n  <i class=\"icon-phone\" ><\/i>  <span>WhatsApp nous<\/span>\n  <\/a>\n\n<\/div><\/div>\n\n<style scope=\"scope\">\n\n<\/style>\n<\/div>","protected":false},"excerpt":{"rendered":"<p>Hand Tied Hair Extensions Hand-tied hair extensions, also known as hand-tied wefts, are a type of hair extension method where individual strands of hair are carefully tied by hand onto a thin weft or track. Hand tied extension wefts are\u00a0thinner and lighter than other extension types, so they don&#8217;t pull down on the root of [&#8230;]","protected":false},"author":1,"featured_media":0,"parent":0,"menu_order":0,"comment_status":"closed","ping_status":"closed","template":"","meta":{"footnotes":""},"yoast_head":"<!-- This site is optimized with the Yoast SEO plugin v20.11 - https:\/\/yoast.com\/wordpress\/plugins\/seo\/ -->\n<title>Hand Tied Hair Extensions - RebeHair Extension Factory<\/title>\n<meta name=\"description\" content=\"Hand Tied Hair Extensions - RebeHair Extension Factory\" \/>\n<meta name=\"robots\" content=\"index, follow, max-snippet:-1, max-image-preview:large, max-video-preview:-1\" \/>\n<link rel=\"canonical\" href=\"https:\/\/www.rebehair.com\/fr\/hand-tied-hair-extensions\/\" \/>\n<meta property=\"og:locale\" content=\"fr_FR\" \/>\n<meta property=\"og:type\" content=\"article\" \/>\n<meta property=\"og:title\" content=\"Hand Tied Hair Extensions - RebeHair Extension Factory\" \/>\n<meta property=\"og:description\" content=\"Hand Tied Hair Extensions - RebeHair Extension Factory\" \/>\n<meta property=\"og:url\" content=\"https:\/\/www.rebehair.com\/fr\/hand-tied-hair-extensions\/\" \/>\n<meta property=\"og:site_name\" content=\"RebeHair Extension Factory\" \/>\n<meta property=\"article:modified_time\" content=\"2023-09-26T08:15:33+00:00\" \/>\n<meta name=\"twitter:card\" content=\"summary_large_image\" \/>\n<meta name=\"twitter:label1\" content=\"Dur\u00e9e de lecture estim\u00e9e\" \/>\n\t<meta name=\"twitter:data1\" content=\"8 minutes\" \/>\n<script type=\"application\/ld+json\" class=\"yoast-schema-graph\">{\"@context\":\"https:\/\/schema.org\",\"@graph\":[{\"@type\":\"WebPage\",\"@id\":\"https:\/\/www.rebehair.com\/hand-tied-hair-extensions\/\",\"url\":\"https:\/\/www.rebehair.com\/hand-tied-hair-extensions\/\",\"name\":\"Hand Tied Hair Extensions - RebeHair Extension Factory\",\"isPartOf\":{\"@id\":\"https:\/\/www.rebehair.com\/#website\"},\"datePublished\":\"2023-09-15T09:45:58+00:00\",\"dateModified\":\"2023-09-26T08:15:33+00:00\",\"description\":\"Hand Tied Hair Extensions - RebeHair Extension Factory\",\"breadcrumb\":{\"@id\":\"https:\/\/www.rebehair.com\/hand-tied-hair-extensions\/#breadcrumb\"},\"inLanguage\":\"fr-FR\",\"potentialAction\":[{\"@type\":\"ReadAction\",\"target\":[\"https:\/\/www.rebehair.com\/hand-tied-hair-extensions\/\"]}]},{\"@type\":\"BreadcrumbList\",\"@id\":\"https:\/\/www.rebehair.com\/hand-tied-hair-extensions\/#breadcrumb\",\"itemListElement\":[{\"@type\":\"ListItem\",\"position\":1,\"name\":\"Home\",\"item\":\"https:\/\/www.rebehair.com\/\"},{\"@type\":\"ListItem\",\"position\":2,\"name\":\"Hand Tied Hair Extensions\"}]},{\"@type\":\"WebSite\",\"@id\":\"https:\/\/www.rebehair.com\/#website\",\"url\":\"https:\/\/www.rebehair.com\/\",\"name\":\"RebeHair Extension Factory\",\"description\":\"\",\"potentialAction\":[{\"@type\":\"SearchAction\",\"target\":{\"@type\":\"EntryPoint\",\"urlTemplate\":\"https:\/\/www.rebehair.com\/?s={search_term_string}\"},\"query-input\":\"required name=search_term_string\"}],\"inLanguage\":\"fr-FR\"}]}<\/script>\n<!-- \/ Yoast SEO plugin. -->","yoast_head_json":{"title":"Hand Tied Hair Extensions - RebeHair Extension Factory","description":"Hand Tied Hair Extensions - RebeHair Extension Factory","robots":{"index":"index","follow":"follow","max-snippet":"max-snippet:-1","max-image-preview":"max-image-preview:large","max-video-preview":"max-video-preview:-1"},"canonical":"https:\/\/www.rebehair.com\/fr\/hand-tied-hair-extensions\/","og_locale":"fr_FR","og_type":"article","og_title":"Hand Tied Hair Extensions - RebeHair Extension Factory","og_description":"Hand Tied Hair Extensions - RebeHair Extension Factory","og_url":"https:\/\/www.rebehair.com\/fr\/hand-tied-hair-extensions\/","og_site_name":"RebeHair Extension Factory","article_modified_time":"2023-09-26T08:15:33+00:00","twitter_card":"summary_large_image","twitter_misc":{"Dur\u00e9e de lecture estim\u00e9e":"8 minutes"},"schema":{"@context":"https:\/\/schema.org","@graph":[{"@type":"WebPage","@id":"https:\/\/www.rebehair.com\/hand-tied-hair-extensions\/","url":"https:\/\/www.rebehair.com\/hand-tied-hair-extensions\/","name":"Hand Tied Hair Extensions - RebeHair Extension Factory","isPartOf":{"@id":"https:\/\/www.rebehair.com\/#website"},"datePublished":"2023-09-15T09:45:58+00:00","dateModified":"2023-09-26T08:15:33+00:00","description":"Hand Tied Hair Extensions - RebeHair Extension Factory","breadcrumb":{"@id":"https:\/\/www.rebehair.com\/hand-tied-hair-extensions\/#breadcrumb"},"inLanguage":"fr-FR","potentialAction":[{"@type":"ReadAction","target":["https:\/\/www.rebehair.com\/hand-tied-hair-extensions\/"]}]},{"@type":"BreadcrumbList","@id":"https:\/\/www.rebehair.com\/hand-tied-hair-extensions\/#breadcrumb","itemListElement":[{"@type":"ListItem","position":1,"name":"Home","item":"https:\/\/www.rebehair.com\/"},{"@type":"ListItem","position":2,"name":"Hand Tied Hair Extensions"}]},{"@type":"WebSite","@id":"https:\/\/www.rebehair.com\/#website","url":"https:\/\/www.rebehair.com\/","name":"RebeHair Extension Factory","description":"","potentialAction":[{"@type":"SearchAction","target":{"@type":"EntryPoint","urlTemplate":"https:\/\/www.rebehair.com\/?s={search_term_string}"},"query-input":"required name=search_term_string"}],"inLanguage":"fr-FR"}]}},"_links":{"self":[{"href":"https:\/\/www.rebehair.com\/fr\/wp-json\/wp\/v2\/pages\/14345"}],"collection":[{"href":"https:\/\/www.rebehair.com\/fr\/wp-json\/wp\/v2\/pages"}],"about":[{"href":"https:\/\/www.rebehair.com\/fr\/wp-json\/wp\/v2\/types\/page"}],"author":[{"embeddable":true,"href":"https:\/\/www.rebehair.com\/fr\/wp-json\/wp\/v2\/users\/1"}],"replies":[{"embeddable":true,"href":"https:\/\/www.rebehair.com\/fr\/wp-json\/wp\/v2\/comments?post=14345"}],"version-history":[{"count":9,"href":"https:\/\/www.rebehair.com\/fr\/wp-json\/wp\/v2\/pages\/14345\/revisions"}],"predecessor-version":[{"id":14517,"href":"https:\/\/www.rebehair.com\/fr\/wp-json\/wp\/v2\/pages\/14345\/revisions\/14517"}],"wp:attachment":[{"href":"https:\/\/www.rebehair.com\/fr\/wp-json\/wp\/v2\/media?parent=14345"}],"curies":[{"name":"wp","href":"https:\/\/api.w.org\/{rel}","templated":true}]}}